{"id":9,"date":"2026-04-21T07:50:20","date_gmt":"2026-04-21T07:50:20","guid":{"rendered":"https:\/\/transportesaitorlejardi.rkinformatika.online\/?page_id=9"},"modified":"2026-04-24T15:03:31","modified_gmt":"2026-04-24T15:03:31","slug":"inicio","status":"publish","type":"page","link":"https:\/\/transportesaitorlejardi.com\/eu\/","title":{"rendered":"Hasiera"},"content":{"rendered":"<div data-elementor-type=\"wp-page\" data-elementor-id=\"9\" class=\"elementor elementor-9\" data-elementor-post-type=\"page\">\n\t\t\t\t<div class=\"elementor-element elementor-element-49b2cc1 e-flex e-con-boxed e-con e-parent\" data-id=\"49b2cc1\" data-element_type=\"container\" data-e-type=\"container\" data-settings=\"{&quot;background_background&quot;:&quot;classic&quot;}\">\n\t\t\t\t\t<div class=\"e-con-inner\">\n\t\t<div class=\"elementor-element elementor-element-6180b64 e-con-full e-flex elementor-invisible e-con e-child\" data-id=\"6180b64\" data-element_type=\"container\" data-e-type=\"container\" data-settings=\"{&quot;animation&quot;:&quot;fadeInDown&quot;}\">\n\t\t\t\t<div class=\"elementor-element elementor-element-b579db3 elementor-widget elementor-widget-heading\" data-id=\"b579db3\" data-element_type=\"widget\" data-e-type=\"widget\" data-widget_type=\"heading.default\">\n\t\t\t\t\t<h2 class=\"elementor-heading-title elementor-size-default\">Errepide bidezko garraio nazionalerako soluzioak zure enpresarentzat\n<\/h2>\t\t\t\t<\/div>\n\t\t\t\t<div class=\"elementor-element elementor-element-e704cb0 elementor-widget elementor-widget-text-editor\" data-id=\"e704cb0\" data-element_type=\"widget\" data-e-type=\"widget\" data-widget_type=\"text-editor.default\">\n\t\t\t\t\t\t\t\t\t<p>Produktuen bidalketa bakoitza arintasunez, zehaztasunez eta behar bakoitzari egokitutako zerbitzu batekin kudeatzen dugu.<\/p>\t\t\t\t\t\t\t\t<\/div>\n\t\t\t\t<\/div>\n\t\t<div class=\"elementor-element elementor-element-2117ae1 e-con-full e-flex e-con e-child\" data-id=\"2117ae1\" data-element_type=\"container\" data-e-type=\"container\" data-settings=\"{&quot;background_background&quot;:&quot;classic&quot;}\">\n\t\t\t\t<\/div>\n\t\t\t\t\t<\/div>\n\t\t\t\t<\/div>\n\t\t<div class=\"elementor-element elementor-element-3590650 e-flex e-con-boxed e-con e-parent\" data-id=\"3590650\" data-element_type=\"container\" data-e-type=\"container\">\n\t\t\t\t\t<div class=\"e-con-inner\">\n\t\t<div class=\"elementor-element elementor-element-cc6436c e-con-full e-flex elementor-invisible e-con e-child\" data-id=\"cc6436c\" data-element_type=\"container\" data-e-type=\"container\" data-settings=\"{&quot;animation&quot;:&quot;fadeInLeft&quot;}\">\n\t\t\t\t<div class=\"elementor-element elementor-element-a3520f7 elementor-widget elementor-widget-heading\" data-id=\"a3520f7\" data-element_type=\"widget\" data-e-type=\"widget\" data-widget_type=\"heading.default\">\n\t\t\t\t\t<h2 class=\"elementor-heading-title elementor-size-default\">Guri buruz<\/h2>\t\t\t\t<\/div>\n\t\t\t\t<div class=\"elementor-element elementor-element-82c0aef elementor-widget elementor-widget-text-editor\" data-id=\"82c0aef\" data-element_type=\"widget\" data-e-type=\"widget\" data-widget_type=\"text-editor.default\">\n\t\t\t\t\t\t\t\t\t<p data-start=\"63\" data-end=\"242\">Estatu mailan salgaiak errepidez garraiatzeko zerbitzua eskaintzen dugu, fidagarritasuna, komunikazio argia eta bidalketa bakoitzean kudeaketa eraginkorra bilatzen duten enpresei zuzenduta.<\/p><p data-start=\"244\" data-end=\"443\" data-is-last-node=\"\" data-is-only-node=\"\">Gure ibilbidea 1992an hasi zen, Aitor sektorean autonomo gisa lanean hasi zenean. Ordutik, seriotasunez, konpromisoz eta hurbiltasunez lan egiten dugu konfiantzazko zerbitzu bat eskaintzeko.<\/p>\t\t\t\t\t\t\t\t<\/div>\n\t\t\t\t<\/div>\n\t\t<div class=\"elementor-element elementor-element-519af95 e-con-full e-flex e-con e-child\" data-id=\"519af95\" data-element_type=\"container\" data-e-type=\"container\">\n\t\t\t\t<div class=\"elementor-element elementor-element-63db876 elementor-invisible elementor-widget elementor-widget-image\" data-id=\"63db876\" data-element_type=\"widget\" data-e-type=\"widget\" data-settings=\"{&quot;_animation&quot;:&quot;fadeInRight&quot;}\" data-widget_type=\"image.default\">\n\t\t\t\t\t\t\t\t\t\t\t\t\t\t\t<img fetchpriority=\"high\" decoding=\"async\" width=\"1024\" height=\"768\" src=\"https:\/\/transportesaitorlejardi.com\/wp-content\/uploads\/2026\/04\/WhatsApp-Image-2026-04-22-at-21.00.57.jpeg\" class=\"attachment-full size-full wp-image-356\" alt=\"\" srcset=\"https:\/\/transportesaitorlejardi.com\/wp-content\/uploads\/2026\/04\/WhatsApp-Image-2026-04-22-at-21.00.57.jpeg 1024w, https:\/\/transportesaitorlejardi.com\/wp-content\/uploads\/2026\/04\/WhatsApp-Image-2026-04-22-at-21.00.57-300x225.jpeg 300w, https:\/\/transportesaitorlejardi.com\/wp-content\/uploads\/2026\/04\/WhatsApp-Image-2026-04-22-at-21.00.57-768x576.jpeg 768w, https:\/\/transportesaitorlejardi.com\/wp-content\/uploads\/2026\/04\/WhatsApp-Image-2026-04-22-at-21.00.57-16x12.jpeg 16w\" sizes=\"(max-width: 1024px) 100vw, 1024px\" \/>\t\t\t\t\t\t\t\t\t\t\t\t\t\t\t<\/div>\n\t\t\t\t<\/div>\n\t\t\t\t\t<\/div>\n\t\t\t\t<\/div>\n\t\t<div class=\"elementor-element elementor-element-b68c2f8 e-flex e-con-boxed e-con e-parent\" data-id=\"b68c2f8\" data-element_type=\"container\" data-e-type=\"container\">\n\t\t\t\t\t<div class=\"e-con-inner\">\n\t\t<div class=\"elementor-element elementor-element-be9e7ea e-con-full e-flex elementor-invisible e-con e-child\" data-id=\"be9e7ea\" data-element_type=\"container\" data-e-type=\"container\" data-settings=\"{&quot;animation&quot;:&quot;fadeInUp&quot;}\">\n\t\t\t\t<div class=\"elementor-element elementor-element-16eb752 elementor-widget elementor-widget-heading\" data-id=\"16eb752\" data-element_type=\"widget\" data-e-type=\"widget\" data-widget_type=\"heading.default\">\n\t\t\t\t\t<h2 class=\"elementor-heading-title elementor-size-default\">Zer eskaintzen dugu<\/h2>\t\t\t\t<\/div>\n\t\t\t\t<div class=\"elementor-element elementor-element-a355ae1 elementor-widget elementor-widget-heading\" data-id=\"a355ae1\" data-element_type=\"widget\" data-e-type=\"widget\" data-widget_type=\"heading.default\">\n\t\t\t\t\t<h2 class=\"elementor-heading-title elementor-size-default\">Garraio behar bakoitzari egokitutako zerbitzuak<\/h2>\t\t\t\t<\/div>\n\t\t\t\t<div class=\"elementor-element elementor-element-425b15e elementor-widget elementor-widget-text-editor\" data-id=\"425b15e\" data-element_type=\"widget\" data-e-type=\"widget\" data-widget_type=\"text-editor.default\">\n\t\t\t\t\t\t\t\t\t<p data-start=\"63\" data-end=\"242\">Bidalketa bakoitza optimizatzeko pentsatutako soluzioekin lan egiten dugu, salgaiaren bolumenera, zerbitzuaren maiztasunera eta bezero bakoitzaren eskakizunetara egokituta.<\/p>\t\t\t\t\t\t\t\t<\/div>\n\t\t\t\t<\/div>\n\t\t<div class=\"elementor-element elementor-element-4fa6a25 e-con-full e-flex e-con e-child\" data-id=\"4fa6a25\" data-element_type=\"container\" data-e-type=\"container\">\n\t\t\t\t<div class=\"elementor-element elementor-element-f1868f6 elementor-align-justify elementor-mobile-align-center elementor-widget__width-initial elementor-widget elementor-widget-button\" data-id=\"f1868f6\" data-element_type=\"widget\" data-e-type=\"widget\" data-widget_type=\"button.default\">\n\t\t\t\t\t\t\t\t\t\t<a class=\"elementor-button elementor-size-sm\" role=\"button\">\n\t\t\t\t\t\t<span class=\"elementor-button-content-wrapper\">\n\t\t\t\t\t\t\t\t\t<span class=\"elementor-button-text\">Karga osoa<\/span>\n\t\t\t\t\t<\/span>\n\t\t\t\t\t<\/a>\n\t\t\t\t\t\t\t\t<\/div>\n\t\t\t\t<div class=\"elementor-element elementor-element-bd2d200 elementor-align-justify elementor-mobile-align-center elementor-widget__width-initial elementor-widget elementor-widget-button\" data-id=\"bd2d200\" data-element_type=\"widget\" data-e-type=\"widget\" data-widget_type=\"button.default\">\n\t\t\t\t\t\t\t\t\t\t<a class=\"elementor-button elementor-size-sm\" role=\"button\">\n\t\t\t\t\t\t<span class=\"elementor-button-content-wrapper\">\n\t\t\t\t\t\t\t\t\t<span class=\"elementor-button-text\">Karga partziala<\/span>\n\t\t\t\t\t<\/span>\n\t\t\t\t\t<\/a>\n\t\t\t\t\t\t\t\t<\/div>\n\t\t\t\t<div class=\"elementor-element elementor-element-4a5489f elementor-align-justify elementor-mobile-align-center elementor-widget__width-initial elementor-widget elementor-widget-button\" data-id=\"4a5489f\" data-element_type=\"widget\" data-e-type=\"widget\" data-widget_type=\"button.default\">\n\t\t\t\t\t\t\t\t\t\t<a class=\"elementor-button elementor-size-sm\" role=\"button\">\n\t\t\t\t\t\t<span class=\"elementor-button-content-wrapper\">\n\t\t\t\t\t\t\t\t\t<span class=\"elementor-button-text\">Garraio programatua<\/span>\n\t\t\t\t\t<\/span>\n\t\t\t\t\t<\/a>\n\t\t\t\t\t\t\t\t<\/div>\n\t\t\t\t<div class=\"elementor-element elementor-element-10fe8b9 elementor-align-justify elementor-mobile-align-center elementor-widget__width-initial elementor-widget elementor-widget-button\" data-id=\"10fe8b9\" data-element_type=\"widget\" data-e-type=\"widget\" data-widget_type=\"button.default\">\n\t\t\t\t\t\t\t\t\t\t<a class=\"elementor-button elementor-size-sm\" role=\"button\">\n\t\t\t\t\t\t<span class=\"elementor-button-content-wrapper\">\n\t\t\t\t\t\t\t\t\t<span class=\"elementor-button-text\">Enpresentzako banaketa<\/span>\n\t\t\t\t\t<\/span>\n\t\t\t\t\t<\/a>\n\t\t\t\t\t\t\t\t<\/div>\n\t\t\t\t<\/div>\n\t\t\t\t\t<\/div>\n\t\t\t\t<\/div>\n\t\t<div class=\"elementor-element elementor-element-b51ab8b e-flex e-con-boxed e-con e-parent\" data-id=\"b51ab8b\" data-element_type=\"container\" data-e-type=\"container\" data-settings=\"{&quot;background_background&quot;:&quot;classic&quot;}\">\n\t\t\t\t\t<div class=\"e-con-inner\">\n\t\t<div class=\"elementor-element elementor-element-8a0c747 e-con-full e-flex e-con e-child\" data-id=\"8a0c747\" data-element_type=\"container\" data-e-type=\"container\">\n\t\t\t\t<div class=\"elementor-element elementor-element-d9f555c elementor-widget elementor-widget-heading\" data-id=\"d9f555c\" data-element_type=\"widget\" data-e-type=\"widget\" data-widget_type=\"heading.default\">\n\t\t\t\t\t<h2 class=\"elementor-heading-title elementor-size-default\">Eraman zure salgaia urrunago, zure beharrei erantzuteko pentsatutako garraio batekin.<\/h2>\t\t\t\t<\/div>\n\t\t\t\t<\/div>\n\t\t<div class=\"elementor-element elementor-element-b7448c0 e-con-full e-flex e-con e-child\" data-id=\"b7448c0\" data-element_type=\"container\" data-e-type=\"container\">\n\t\t\t\t<div class=\"elementor-element elementor-element-763b96b elementor-align-center elementor-widget elementor-widget-button\" data-id=\"763b96b\" data-element_type=\"widget\" data-e-type=\"widget\" data-widget_type=\"button.default\">\n\t\t\t\t\t\t\t\t\t\t<a class=\"elementor-button elementor-button-link elementor-size-sm\" href=\"\/eu\/servicios\/\">\n\t\t\t\t\t\t<span class=\"elementor-button-content-wrapper\">\n\t\t\t\t\t\t<span class=\"elementor-button-icon\">\n\t\t\t\t<svg aria-hidden=\"true\" class=\"e-font-icon-svg e-fas-mouse-pointer\" viewbox=\"0 0 320 512\" xmlns=\"http:\/\/www.w3.org\/2000\/svg\"><path d=\"M302.189 329.126H196.105l55.831 135.993c3.889 9.428-.555 19.999-9.444 23.999l-49.165 21.427c-9.165 4-19.443-.571-23.332-9.714l-53.053-129.136-86.664 89.138C18.729 472.71 0 463.554 0 447.977V18.299C0 1.899 19.921-6.096 30.277 5.443l284.412 292.542c11.472 11.179 3.007 31.141-12.5 31.141z\"><\/path><\/svg>\t\t\t<\/span>\n\t\t\t\t\t\t\t\t\t<span class=\"elementor-button-text\">Zerbitzuak<\/span>\n\t\t\t\t\t<\/span>\n\t\t\t\t\t<\/a>\n\t\t\t\t\t\t\t\t<\/div>\n\t\t\t\t<\/div>\n\t\t\t\t\t<\/div>\n\t\t\t\t<\/div>\n\t\t\t\t<\/div>","protected":false},"excerpt":{"rendered":"<p>Soluciones de transporte nacional por carretera para tu empresa Gestionamos cada env\u00edo de productos con agilidad, precisi\u00f3n y un servicio adaptado a cada necesidad. Sobre nosotros Ofrecemos un servicio de transporte de mercanc\u00edas por carretera a nivel nacional, dirigido a empresas que buscan fiabilidad, comunicaci\u00f3n clara y una gesti\u00f3n eficaz en cada env\u00edo. Nuestra trayectoria [&hellip;]<\/p>\n","protected":false},"author":1,"featured_media":0,"parent":0,"menu_order":0,"comment_status":"closed","ping_status":"closed","template":"elementor_canvas","meta":{"footnotes":""},"class_list":["post-9","page","type-page","status-publish","hentry"],"yoast_head":"<!-- This site is optimized with the Yoast SEO plugin v27.5 - https:\/\/yoast.com\/product\/yoast-seo-wordpress\/ -->\n<title>Inicio - Aitor Lejardi Oregui Transportes<\/title>\n<meta name=\"robots\" content=\"index, follow, max-snippet:-1, max-image-preview:large, max-video-preview:-1\" \/>\n<link rel=\"canonical\" href=\"https:\/\/transportesaitorlejardi.com\/eu\/\" \/>\n<meta property=\"og:locale\" content=\"en_US\" \/>\n<meta property=\"og:type\" content=\"article\" \/>\n<meta property=\"og:title\" content=\"Inicio - Aitor Lejardi Oregui Transportes\" \/>\n<meta property=\"og:description\" content=\"Soluciones de transporte nacional por carretera para tu empresa Gestionamos cada env\u00edo de productos con agilidad, precisi\u00f3n y un servicio adaptado a cada necesidad. Sobre nosotros Ofrecemos un servicio de transporte de mercanc\u00edas por carretera a nivel nacional, dirigido a empresas que buscan fiabilidad, comunicaci\u00f3n clara y una gesti\u00f3n eficaz en cada env\u00edo. Nuestra trayectoria [&hellip;]\" \/>\n<meta property=\"og:url\" content=\"https:\/\/transportesaitorlejardi.com\/eu\/\" \/>\n<meta property=\"og:site_name\" content=\"Aitor Lejardi Oregui Transportes\" \/>\n<meta property=\"article:modified_time\" content=\"2026-04-24T15:03:31+00:00\" \/>\n<meta property=\"og:image\" content=\"https:\/\/transportesaitorlejardi.com\/wp-content\/uploads\/2026\/04\/WhatsApp-Image-2026-04-22-at-21.00.57.jpeg\" \/>\n\t<meta property=\"og:image:width\" content=\"1024\" \/>\n\t<meta property=\"og:image:height\" content=\"768\" \/>\n\t<meta property=\"og:image:type\" content=\"image\/jpeg\" \/>\n<meta name=\"twitter:card\" content=\"summary_large_image\" \/>\n<meta name=\"twitter:label1\" content=\"Est. reading time\" \/>\n\t<meta name=\"twitter:data1\" content=\"1 minutua\" \/>\n<script type=\"application\/ld+json\" class=\"yoast-schema-graph\">{\"@context\":\"https:\\\/\\\/schema.org\",\"@graph\":[{\"@type\":\"WebPage\",\"@id\":\"https:\\\/\\\/transportesaitorlejardi.com\\\/\",\"url\":\"https:\\\/\\\/transportesaitorlejardi.com\\\/\",\"name\":\"Inicio - Aitor Lejardi Oregui Transportes\",\"isPartOf\":{\"@id\":\"https:\\\/\\\/transportesaitorlejardi.com\\\/#website\"},\"primaryImageOfPage\":{\"@id\":\"https:\\\/\\\/transportesaitorlejardi.com\\\/#primaryimage\"},\"image\":{\"@id\":\"https:\\\/\\\/transportesaitorlejardi.com\\\/#primaryimage\"},\"thumbnailUrl\":\"https:\\\/\\\/transportesaitorlejardi.com\\\/wp-content\\\/uploads\\\/2026\\\/04\\\/WhatsApp-Image-2026-04-22-at-21.00.57.jpeg\",\"datePublished\":\"2026-04-21T07:50:20+00:00\",\"dateModified\":\"2026-04-24T15:03:31+00:00\",\"breadcrumb\":{\"@id\":\"https:\\\/\\\/transportesaitorlejardi.com\\\/#breadcrumb\"},\"inLanguage\":\"eu\",\"potentialAction\":[{\"@type\":\"ReadAction\",\"target\":[\"https:\\\/\\\/transportesaitorlejardi.com\\\/\"]}]},{\"@type\":\"ImageObject\",\"inLanguage\":\"eu\",\"@id\":\"https:\\\/\\\/transportesaitorlejardi.com\\\/#primaryimage\",\"url\":\"https:\\\/\\\/transportesaitorlejardi.com\\\/wp-content\\\/uploads\\\/2026\\\/04\\\/WhatsApp-Image-2026-04-22-at-21.00.57.jpeg\",\"contentUrl\":\"https:\\\/\\\/transportesaitorlejardi.com\\\/wp-content\\\/uploads\\\/2026\\\/04\\\/WhatsApp-Image-2026-04-22-at-21.00.57.jpeg\"},{\"@type\":\"BreadcrumbList\",\"@id\":\"https:\\\/\\\/transportesaitorlejardi.com\\\/#breadcrumb\",\"itemListElement\":[{\"@type\":\"ListItem\",\"position\":1,\"name\":\"Portada\",\"item\":\"https:\\\/\\\/transportesaitorlejardi.com\\\/\"},{\"@type\":\"ListItem\",\"position\":2,\"name\":\"Inicio\"}]},{\"@type\":\"WebSite\",\"@id\":\"https:\\\/\\\/transportesaitorlejardi.com\\\/#website\",\"url\":\"https:\\\/\\\/transportesaitorlejardi.com\\\/\",\"name\":\"Aitor Lejardi Oregui Transportes\",\"description\":\"\",\"publisher\":{\"@id\":\"https:\\\/\\\/transportesaitorlejardi.com\\\/#organization\"},\"potentialAction\":[{\"@type\":\"SearchAction\",\"target\":{\"@type\":\"EntryPoint\",\"urlTemplate\":\"https:\\\/\\\/transportesaitorlejardi.com\\\/?s={search_term_string}\"},\"query-input\":{\"@type\":\"PropertyValueSpecification\",\"valueRequired\":true,\"valueName\":\"search_term_string\"}}],\"inLanguage\":\"eu\"},{\"@type\":\"Organization\",\"@id\":\"https:\\\/\\\/transportesaitorlejardi.com\\\/#organization\",\"name\":\"Aitor Lejardi Oregui Transportes\",\"url\":\"https:\\\/\\\/transportesaitorlejardi.com\\\/\",\"logo\":{\"@type\":\"ImageObject\",\"inLanguage\":\"eu\",\"@id\":\"https:\\\/\\\/transportesaitorlejardi.com\\\/#\\\/schema\\\/logo\\\/image\\\/\",\"url\":\"https:\\\/\\\/transportesaitorlejardi.com\\\/wp-content\\\/uploads\\\/2026\\\/04\\\/cropped-logo.png\",\"contentUrl\":\"https:\\\/\\\/transportesaitorlejardi.com\\\/wp-content\\\/uploads\\\/2026\\\/04\\\/cropped-logo.png\",\"width\":251,\"height\":129,\"caption\":\"Aitor Lejardi Oregui Transportes\"},\"image\":{\"@id\":\"https:\\\/\\\/transportesaitorlejardi.com\\\/#\\\/schema\\\/logo\\\/image\\\/\"}}]}<\/script>\n<!-- \/ Yoast SEO plugin. -->","yoast_head_json":{"title":"Inicio - Aitor Lejardi Oregui Transportes","robots":{"index":"index","follow":"follow","max-snippet":"max-snippet:-1","max-image-preview":"max-image-preview:large","max-video-preview":"max-video-preview:-1"},"canonical":"https:\/\/transportesaitorlejardi.com\/eu\/","og_locale":"en_US","og_type":"article","og_title":"Inicio - Aitor Lejardi Oregui Transportes","og_description":"Soluciones de transporte nacional por carretera para tu empresa Gestionamos cada env\u00edo de productos con agilidad, precisi\u00f3n y un servicio adaptado a cada necesidad. Sobre nosotros Ofrecemos un servicio de transporte de mercanc\u00edas por carretera a nivel nacional, dirigido a empresas que buscan fiabilidad, comunicaci\u00f3n clara y una gesti\u00f3n eficaz en cada env\u00edo. Nuestra trayectoria [&hellip;]","og_url":"https:\/\/transportesaitorlejardi.com\/eu\/","og_site_name":"Aitor Lejardi Oregui Transportes","article_modified_time":"2026-04-24T15:03:31+00:00","og_image":[{"width":1024,"height":768,"url":"https:\/\/transportesaitorlejardi.com\/wp-content\/uploads\/2026\/04\/WhatsApp-Image-2026-04-22-at-21.00.57.jpeg","type":"image\/jpeg"}],"twitter_card":"summary_large_image","twitter_misc":{"Est. reading time":"1 minutua"},"schema":{"@context":"https:\/\/schema.org","@graph":[{"@type":"WebPage","@id":"https:\/\/transportesaitorlejardi.com\/","url":"https:\/\/transportesaitorlejardi.com\/","name":"Inicio - Aitor Lejardi Oregui Transportes","isPartOf":{"@id":"https:\/\/transportesaitorlejardi.com\/#website"},"primaryImageOfPage":{"@id":"https:\/\/transportesaitorlejardi.com\/#primaryimage"},"image":{"@id":"https:\/\/transportesaitorlejardi.com\/#primaryimage"},"thumbnailUrl":"https:\/\/transportesaitorlejardi.com\/wp-content\/uploads\/2026\/04\/WhatsApp-Image-2026-04-22-at-21.00.57.jpeg","datePublished":"2026-04-21T07:50:20+00:00","dateModified":"2026-04-24T15:03:31+00:00","breadcrumb":{"@id":"https:\/\/transportesaitorlejardi.com\/#breadcrumb"},"inLanguage":"eu","potentialAction":[{"@type":"ReadAction","target":["https:\/\/transportesaitorlejardi.com\/"]}]},{"@type":"ImageObject","inLanguage":"eu","@id":"https:\/\/transportesaitorlejardi.com\/#primaryimage","url":"https:\/\/transportesaitorlejardi.com\/wp-content\/uploads\/2026\/04\/WhatsApp-Image-2026-04-22-at-21.00.57.jpeg","contentUrl":"https:\/\/transportesaitorlejardi.com\/wp-content\/uploads\/2026\/04\/WhatsApp-Image-2026-04-22-at-21.00.57.jpeg"},{"@type":"BreadcrumbList","@id":"https:\/\/transportesaitorlejardi.com\/#breadcrumb","itemListElement":[{"@type":"ListItem","position":1,"name":"Portada","item":"https:\/\/transportesaitorlejardi.com\/"},{"@type":"ListItem","position":2,"name":"Inicio"}]},{"@type":"WebSite","@id":"https:\/\/transportesaitorlejardi.com\/#website","url":"https:\/\/transportesaitorlejardi.com\/","name":"Aitor Lejardi Oregui Transportes","description":"","publisher":{"@id":"https:\/\/transportesaitorlejardi.com\/#organization"},"potentialAction":[{"@type":"SearchAction","target":{"@type":"EntryPoint","urlTemplate":"https:\/\/transportesaitorlejardi.com\/?s={search_term_string}"},"query-input":{"@type":"PropertyValueSpecification","valueRequired":true,"valueName":"search_term_string"}}],"inLanguage":"eu"},{"@type":"Organization","@id":"https:\/\/transportesaitorlejardi.com\/#organization","name":"Aitor Lejardi Oregui Transportes","url":"https:\/\/transportesaitorlejardi.com\/","logo":{"@type":"ImageObject","inLanguage":"eu","@id":"https:\/\/transportesaitorlejardi.com\/#\/schema\/logo\/image\/","url":"https:\/\/transportesaitorlejardi.com\/wp-content\/uploads\/2026\/04\/cropped-logo.png","contentUrl":"https:\/\/transportesaitorlejardi.com\/wp-content\/uploads\/2026\/04\/cropped-logo.png","width":251,"height":129,"caption":"Aitor Lejardi Oregui Transportes"},"image":{"@id":"https:\/\/transportesaitorlejardi.com\/#\/schema\/logo\/image\/"}}]}},"_links":{"self":[{"href":"https:\/\/transportesaitorlejardi.com\/eu\/wp-json\/wp\/v2\/pages\/9","targetHints":{"allow":["GET"]}}],"collection":[{"href":"https:\/\/transportesaitorlejardi.com\/eu\/wp-json\/wp\/v2\/pages"}],"about":[{"href":"https:\/\/transportesaitorlejardi.com\/eu\/wp-json\/wp\/v2\/types\/page"}],"author":[{"embeddable":true,"href":"https:\/\/transportesaitorlejardi.com\/eu\/wp-json\/wp\/v2\/users\/1"}],"replies":[{"embeddable":true,"href":"https:\/\/transportesaitorlejardi.com\/eu\/wp-json\/wp\/v2\/comments?post=9"}],"version-history":[{"count":85,"href":"https:\/\/transportesaitorlejardi.com\/eu\/wp-json\/wp\/v2\/pages\/9\/revisions"}],"predecessor-version":[{"id":362,"href":"https:\/\/transportesaitorlejardi.com\/eu\/wp-json\/wp\/v2\/pages\/9\/revisions\/362"}],"wp:attachment":[{"href":"https:\/\/transportesaitorlejardi.com\/eu\/wp-json\/wp\/v2\/media?parent=9"}],"curies":[{"name":"wp","href":"https:\/\/api.w.org\/{rel}","templated":true}]}}